{"id":1400,"date":"2022-11-02T15:22:30","date_gmt":"2022-11-02T14:22:30","guid":{"rendered":"https:\/\/fc-menuiserie.com\/?page_id=1400"},"modified":"2025-01-04T17:07:46","modified_gmt":"2025-01-04T16:07:46","slug":"salle-de-bain","status":"publish","type":"page","link":"https:\/\/fc-menuiserie.com\/index.php\/salle-de-bain\/","title":{"rendered":"Salle de bain"},"content":{"rendered":"<div id=\"pl-1400\"  class=\"panel-layout\" ><div id=\"pg-1400-0\"  class=\"panel-grid panel-no-style\" ><div id=\"pgc-1400-0-0\"  class=\"panel-grid-cell\" ><div id=\"panel-1400-0-0-0\" class=\"so-panel widget widget_sow-editor panel-first-child panel-last-child\" data-index=\"0\" ><div\n\t\t\t\n\t\t\tclass=\"so-widget-sow-editor so-widget-sow-editor-base\"\n\t\t\t\n\t\t>\n<div class=\"siteorigin-widget-tinymce textwidget\">\n\t<p><span style=\"color: #3366ff;\"><em><strong><span style=\"font-family: Dancing Script; font-size: 32px;\">R\u00e9alisation d'une salle de bain en panneau m\u00e9lamin\u00e9 \"Bleu de France\" et plan de travail stratifi\u00e9 \"Marbre de Carrare blanc\" avec un meuble triptyque et un petit \u00e9clairage led. <\/span><\/strong><\/em><\/span><\/p>\n<\/div>\n<\/div><\/div><\/div><\/div><div id=\"pg-1400-1\"  class=\"panel-grid panel-no-style\" ><div id=\"pgc-1400-1-0\"  class=\"panel-grid-cell\" ><div id=\"panel-1400-1-0-0\" class=\"so-panel widget widget_text panel-first-child panel-last-child\" data-index=\"1\" >\t\t\t<div class=\"textwidget\"><p><a href=\"https:\/\/fc-menuiserie.com\/wp-content\/uploads\/2022\/11\/sdb-d-4-scaled-e1667314116507.jpg\"><img loading=\"lazy\" class=\"alignnone wp-image-1316 size-medium\" src=\"https:\/\/fc-menuiserie.com\/wp-content\/uploads\/2022\/11\/sdb-d-4-scaled-e1667314116507-300x291.jpg\" alt=\"salle-de-bain-bleu\" width=\"300\" height=\"291\" srcset=\"https:\/\/fc-menuiserie.com\/wp-content\/uploads\/2022\/11\/sdb-d-4-scaled-e1667314116507-300x291.jpg 300w, https:\/\/fc-menuiserie.com\/wp-content\/uploads\/2022\/11\/sdb-d-4-scaled-e1667314116507-1024x993.jpg 1024w, https:\/\/fc-menuiserie.com\/wp-content\/uploads\/2022\/11\/sdb-d-4-scaled-e1667314116507-768x744.jpg 768w, https:\/\/fc-menuiserie.com\/wp-content\/uploads\/2022\/11\/sdb-d-4-scaled-e1667314116507-1536x1489.jpg 1536w, https:\/\/fc-menuiserie.com\/wp-content\/uploads\/2022\/11\/sdb-d-4-scaled-e1667314116507.jpg 1894w\" sizes=\"(max-width: 300px) 100vw, 300px\" \/><\/a><\/p>\n<\/div>\n\t\t<\/div><\/div><div id=\"pgc-1400-1-1\"  class=\"panel-grid-cell\" ><div id=\"panel-1400-1-1-0\" class=\"so-panel widget widget_text panel-first-child panel-last-child\" data-index=\"2\" >\t\t\t<div class=\"textwidget\"><p><a href=\"https:\/\/fc-menuiserie.com\/wp-content\/uploads\/2022\/11\/sdb-d-3-scaled-e1667314158857.jpg\"><img loading=\"lazy\" class=\"alignnone wp-image-1315 size-medium\" src=\"https:\/\/fc-menuiserie.com\/wp-content\/uploads\/2022\/11\/sdb-d-3-scaled-e1667314158857-283x300.jpg\" alt=\"meuble-salle-de-bain\" width=\"283\" height=\"300\" srcset=\"https:\/\/fc-menuiserie.com\/wp-content\/uploads\/2022\/11\/sdb-d-3-scaled-e1667314158857-283x300.jpg 283w, https:\/\/fc-menuiserie.com\/wp-content\/uploads\/2022\/11\/sdb-d-3-scaled-e1667314158857-965x1024.jpg 965w, https:\/\/fc-menuiserie.com\/wp-content\/uploads\/2022\/11\/sdb-d-3-scaled-e1667314158857-768x815.jpg 768w, https:\/\/fc-menuiserie.com\/wp-content\/uploads\/2022\/11\/sdb-d-3-scaled-e1667314158857-1447x1536.jpg 1447w, https:\/\/fc-menuiserie.com\/wp-content\/uploads\/2022\/11\/sdb-d-3-scaled-e1667314158857.jpg 1760w\" sizes=\"(max-width: 283px) 100vw, 283px\" \/><\/a><\/p>\n<\/div>\n\t\t<\/div><\/div><\/div><div id=\"pg-1400-2\"  class=\"panel-grid panel-no-style\" ><div id=\"pgc-1400-2-0\"  class=\"panel-grid-cell\" ><div id=\"panel-1400-2-0-0\" class=\"so-panel widget widget_sow-editor panel-first-child panel-last-child\" data-index=\"3\" ><div\n\t\t\t\n\t\t\tclass=\"so-widget-sow-editor so-widget-sow-editor-base\"\n\t\t\t\n\t\t>\n<div class=\"siteorigin-widget-tinymce textwidget\">\n\t<p>&nbsp;<\/p>\n<p>&nbsp;<\/p>\n<p><span style=\"color: #000000;\"><em><strong><span style=\"font-family: Dancing Script; font-size: 24px;\">Pose de la salle de bain chez les clients<\/span><\/strong><\/em><\/span><\/p>\n<\/div>\n<\/div><\/div><\/div><div id=\"pgc-1400-2-1\"  class=\"panel-grid-cell\" ><div id=\"panel-1400-2-1-0\" class=\"so-panel widget widget_text panel-first-child panel-last-child\" data-index=\"4\" >\t\t\t<div class=\"textwidget\"><p><a href=\"https:\/\/fc-menuiserie.com\/wp-content\/uploads\/2022\/11\/sdb-d-6-scaled-e1667314246319.jpg\"><img loading=\"lazy\" class=\"alignnone wp-image-1312 size-medium\" src=\"https:\/\/fc-menuiserie.com\/wp-content\/uploads\/2022\/11\/sdb-d-6-scaled-e1667314246319-300x279.jpg\" alt=\"pose-salle-de-bain\" width=\"300\" height=\"279\" srcset=\"https:\/\/fc-menuiserie.com\/wp-content\/uploads\/2022\/11\/sdb-d-6-scaled-e1667314246319-300x279.jpg 300w, https:\/\/fc-menuiserie.com\/wp-content\/uploads\/2022\/11\/sdb-d-6-scaled-e1667314246319-1024x951.jpg 1024w, https:\/\/fc-menuiserie.com\/wp-content\/uploads\/2022\/11\/sdb-d-6-scaled-e1667314246319-768x713.jpg 768w, https:\/\/fc-menuiserie.com\/wp-content\/uploads\/2022\/11\/sdb-d-6-scaled-e1667314246319-1536x1427.jpg 1536w, https:\/\/fc-menuiserie.com\/wp-content\/uploads\/2022\/11\/sdb-d-6-scaled-e1667314246319.jpg 1984w\" sizes=\"(max-width: 300px) 100vw, 300px\" \/><\/a><\/p>\n<\/div>\n\t\t<\/div><\/div><div id=\"pgc-1400-2-2\"  class=\"panel-grid-cell\" ><div id=\"panel-1400-2-2-0\" class=\"so-panel widget widget_text panel-first-child panel-last-child\" data-index=\"5\" >\t\t\t<div class=\"textwidget\"><p><a href=\"https:\/\/fc-menuiserie.com\/wp-content\/uploads\/2022\/11\/sdb-d-7-scaled-e1667314212745.jpg\"><img loading=\"lazy\" class=\"alignnone wp-image-1313 size-medium\" src=\"https:\/\/fc-menuiserie.com\/wp-content\/uploads\/2022\/11\/sdb-d-7-scaled-e1667314212745-300x278.jpg\" alt=\"salle-de-bain-bleue\" width=\"300\" height=\"278\" srcset=\"https:\/\/fc-menuiserie.com\/wp-content\/uploads\/2022\/11\/sdb-d-7-scaled-e1667314212745-300x278.jpg 300w, https:\/\/fc-menuiserie.com\/wp-content\/uploads\/2022\/11\/sdb-d-7-scaled-e1667314212745-1024x948.jpg 1024w, https:\/\/fc-menuiserie.com\/wp-content\/uploads\/2022\/11\/sdb-d-7-scaled-e1667314212745-768x711.jpg 768w, https:\/\/fc-menuiserie.com\/wp-content\/uploads\/2022\/11\/sdb-d-7-scaled-e1667314212745-1536x1423.jpg 1536w, https:\/\/fc-menuiserie.com\/wp-content\/uploads\/2022\/11\/sdb-d-7-scaled-e1667314212745-2048x1897.jpg 2048w\" sizes=\"(max-width: 300px) 100vw, 300px\" \/><\/a><\/p>\n<\/div>\n\t\t<\/div><\/div><\/div><div id=\"pg-1400-3\"  class=\"panel-grid panel-no-style\" ><div id=\"pgc-1400-3-0\"  class=\"panel-grid-cell\" ><div id=\"panel-1400-3-0-0\" class=\"so-panel widget widget_sow-editor panel-first-child panel-last-child\" data-index=\"6\" ><div\n\t\t\t\n\t\t\tclass=\"so-widget-sow-editor so-widget-sow-editor-base\"\n\t\t\t\n\t\t>\n<div class=\"siteorigin-widget-tinymce textwidget\">\n\t<p>&nbsp;<\/p>\n<p>&nbsp;<\/p>\n<p><span style=\"color: #000000;\"><em><strong><span style=\"font-family: Dancing Script; font-size: 24px;\">Et voila, c'est fini.<\/span><\/strong><\/em><\/span><\/p>\n<\/div>\n<\/div><\/div><\/div><div id=\"pgc-1400-3-1\"  class=\"panel-grid-cell\" ><div id=\"panel-1400-3-1-0\" class=\"so-panel widget widget_text panel-first-child panel-last-child\" data-index=\"7\" >\t\t\t<div class=\"textwidget\"><p><a href=\"https:\/\/fc-menuiserie.com\/wp-content\/uploads\/2022\/11\/sdb-d-8-scaled-e1667314186710.jpg\"><img loading=\"lazy\" class=\"alignnone wp-image-1314 size-medium\" src=\"https:\/\/fc-menuiserie.com\/wp-content\/uploads\/2022\/11\/sdb-d-8-scaled-e1667314186710-300x297.jpg\" alt=\"salle-de-bain-fini\" width=\"300\" height=\"297\" srcset=\"https:\/\/fc-menuiserie.com\/wp-content\/uploads\/2022\/11\/sdb-d-8-scaled-e1667314186710-300x297.jpg 300w, https:\/\/fc-menuiserie.com\/wp-content\/uploads\/2022\/11\/sdb-d-8-scaled-e1667314186710-1024x1014.jpg 1024w, https:\/\/fc-menuiserie.com\/wp-content\/uploads\/2022\/11\/sdb-d-8-scaled-e1667314186710-150x150.jpg 150w, https:\/\/fc-menuiserie.com\/wp-content\/uploads\/2022\/11\/sdb-d-8-scaled-e1667314186710-768x760.jpg 768w, https:\/\/fc-menuiserie.com\/wp-content\/uploads\/2022\/11\/sdb-d-8-scaled-e1667314186710-1536x1521.jpg 1536w, https:\/\/fc-menuiserie.com\/wp-content\/uploads\/2022\/11\/sdb-d-8-scaled-e1667314186710.jpg 1939w\" sizes=\"(max-width: 300px) 100vw, 300px\" \/><\/a><\/p>\n<\/div>\n\t\t<\/div><\/div><\/div><div id=\"pg-1400-4\"  class=\"panel-grid panel-no-style\" ><div id=\"pgc-1400-4-0\"  class=\"panel-grid-cell\" ><div id=\"panel-1400-4-0-0\" class=\"so-panel widget widget_sow-editor panel-first-child panel-last-child\" data-index=\"8\" ><div\n\t\t\t\n\t\t\tclass=\"so-widget-sow-editor so-widget-sow-editor-base\"\n\t\t\t\n\t\t>\n<div class=\"siteorigin-widget-tinymce textwidget\">\n\t<p><span style=\"color: #3366ff;\"><em><strong><span style=\"font-family: Dancing Script; font-size: 32px;\">R\u00e9alisation d'une salle de bain en m\u00e9lamin\u00e9 et plan de travail colorie \"Pin Cascina\" avec meuble triptyque, meuble vasque ainsi qu'un meuble colonne. <\/span><\/strong><\/em><\/span><\/p>\n<\/div>\n<\/div><\/div><\/div><\/div><div id=\"pg-1400-5\"  class=\"panel-grid panel-no-style\" ><div id=\"pgc-1400-5-0\"  class=\"panel-grid-cell\" ><div id=\"panel-1400-5-0-0\" class=\"so-panel widget widget_sow-editor panel-first-child panel-last-child\" data-index=\"9\" ><div\n\t\t\t\n\t\t\tclass=\"so-widget-sow-editor so-widget-sow-editor-base\"\n\t\t\t\n\t\t>\n<div class=\"siteorigin-widget-tinymce textwidget\">\n\t<p>&nbsp;<\/p>\n<p>&nbsp;<\/p>\n<p><span style=\"color: #000000;\"><em><strong><span style=\"font-family: Dancing Script; font-size: 24px;\">R\u00e9alisation du meuble colonne en atelier<\/span><\/strong><\/em><\/span><\/p>\n<\/div>\n<\/div><\/div><\/div><\/div><div id=\"pg-1400-6\"  class=\"panel-grid panel-no-style\" ><div id=\"pgc-1400-6-0\"  class=\"panel-grid-cell\" ><div id=\"panel-1400-6-0-0\" class=\"so-panel widget widget_text panel-first-child panel-last-child\" data-index=\"10\" >\t\t\t<div class=\"textwidget\"><p><a href=\"https:\/\/fc-menuiserie.com\/wp-content\/uploads\/2022\/11\/sdb-T-col-11-scaled-e1667314040497.jpg\"><img loading=\"lazy\" class=\"alignnone wp-image-1319 size-medium\" src=\"https:\/\/fc-menuiserie.com\/wp-content\/uploads\/2022\/11\/sdb-T-col-11-scaled-e1667314040497-300x208.jpg\" alt=\"meuble-colonne-1\" width=\"300\" height=\"208\" srcset=\"https:\/\/fc-menuiserie.com\/wp-content\/uploads\/2022\/11\/sdb-T-col-11-scaled-e1667314040497-300x208.jpg 300w, https:\/\/fc-menuiserie.com\/wp-content\/uploads\/2022\/11\/sdb-T-col-11-scaled-e1667314040497-1024x711.jpg 1024w, https:\/\/fc-menuiserie.com\/wp-content\/uploads\/2022\/11\/sdb-T-col-11-scaled-e1667314040497-768x533.jpg 768w, https:\/\/fc-menuiserie.com\/wp-content\/uploads\/2022\/11\/sdb-T-col-11-scaled-e1667314040497-1536x1066.jpg 1536w, https:\/\/fc-menuiserie.com\/wp-content\/uploads\/2022\/11\/sdb-T-col-11-scaled-e1667314040497-2048x1422.jpg 2048w\" sizes=\"(max-width: 300px) 100vw, 300px\" \/><\/a><\/p>\n<\/div>\n\t\t<\/div><\/div><div id=\"pgc-1400-6-1\"  class=\"panel-grid-cell\" ><div id=\"panel-1400-6-1-0\" class=\"so-panel widget widget_text panel-first-child panel-last-child\" data-index=\"11\" >\t\t\t<div class=\"textwidget\"><p><a href=\"https:\/\/fc-menuiserie.com\/wp-content\/uploads\/2022\/11\/sdb-T-col-13-scaled-e1667314015515.jpg\"><img loading=\"lazy\" class=\"alignnone wp-image-1320 size-medium\" src=\"https:\/\/fc-menuiserie.com\/wp-content\/uploads\/2022\/11\/sdb-T-col-13-scaled-e1667314015515-216x300.jpg\" alt=\"meuble-colonne-2\" width=\"216\" height=\"300\" srcset=\"https:\/\/fc-menuiserie.com\/wp-content\/uploads\/2022\/11\/sdb-T-col-13-scaled-e1667314015515-216x300.jpg 216w, https:\/\/fc-menuiserie.com\/wp-content\/uploads\/2022\/11\/sdb-T-col-13-scaled-e1667314015515-739x1024.jpg 739w, https:\/\/fc-menuiserie.com\/wp-content\/uploads\/2022\/11\/sdb-T-col-13-scaled-e1667314015515-768x1065.jpg 768w, https:\/\/fc-menuiserie.com\/wp-content\/uploads\/2022\/11\/sdb-T-col-13-scaled-e1667314015515-1108x1536.jpg 1108w, https:\/\/fc-menuiserie.com\/wp-content\/uploads\/2022\/11\/sdb-T-col-13-scaled-e1667314015515-1477x2048.jpg 1477w, https:\/\/fc-menuiserie.com\/wp-content\/uploads\/2022\/11\/sdb-T-col-13-scaled-e1667314015515.jpg 1574w\" sizes=\"(max-width: 216px) 100vw, 216px\" \/><\/a><\/p>\n<\/div>\n\t\t<\/div><\/div><div id=\"pgc-1400-6-2\"  class=\"panel-grid-cell\" ><div id=\"panel-1400-6-2-0\" class=\"so-panel widget widget_sow-editor panel-first-child\" data-index=\"12\" ><div\n\t\t\t\n\t\t\tclass=\"so-widget-sow-editor so-widget-sow-editor-base\"\n\t\t\t\n\t\t>\n<div class=\"siteorigin-widget-tinymce textwidget\">\n\t<p><span style=\"color: #000000;\"><em><strong><span style=\"font-family: Dancing Script; font-size: 24px;\">Collage des tiroirs<\/span><\/strong><\/em><\/span><\/p>\n<\/div>\n<\/div><\/div><div id=\"panel-1400-6-2-1\" class=\"so-panel widget widget_text panel-last-child\" data-index=\"13\" >\t\t\t<div class=\"textwidget\"><p><a href=\"https:\/\/fc-menuiserie.com\/wp-content\/uploads\/2022\/11\/sdb-T-col-15-scaled.jpg\"><img loading=\"lazy\" class=\"alignnone wp-image-1321 size-medium\" src=\"https:\/\/fc-menuiserie.com\/wp-content\/uploads\/2022\/11\/sdb-T-col-15-300x225.jpg\" alt=\"tiroir-chateau-thierry\" width=\"300\" height=\"225\" srcset=\"https:\/\/fc-menuiserie.com\/wp-content\/uploads\/2022\/11\/sdb-T-col-15-300x225.jpg 300w, https:\/\/fc-menuiserie.com\/wp-content\/uploads\/2022\/11\/sdb-T-col-15-1024x768.jpg 1024w, https:\/\/fc-menuiserie.com\/wp-content\/uploads\/2022\/11\/sdb-T-col-15-768x576.jpg 768w, https:\/\/fc-menuiserie.com\/wp-content\/uploads\/2022\/11\/sdb-T-col-15-1536x1152.jpg 1536w, https:\/\/fc-menuiserie.com\/wp-content\/uploads\/2022\/11\/sdb-T-col-15-2048x1536.jpg 2048w\" sizes=\"(max-width: 300px) 100vw, 300px\" \/><\/a><\/p>\n<\/div>\n\t\t<\/div><\/div><div id=\"pgc-1400-6-3\"  class=\"panel-grid-cell\" ><div id=\"panel-1400-6-3-0\" class=\"so-panel widget widget_text panel-first-child panel-last-child\" data-index=\"14\" >\t\t\t<div class=\"textwidget\"><p><a href=\"https:\/\/fc-menuiserie.com\/wp-content\/uploads\/2022\/11\/sdb-T-col-17-scaled.jpg\"><img loading=\"lazy\" class=\"alignnone wp-image-1322 size-medium\" src=\"https:\/\/fc-menuiserie.com\/wp-content\/uploads\/2022\/11\/sdb-T-col-17-225x300.jpg\" alt=\"pose-des-tiroirs\" width=\"225\" height=\"300\" srcset=\"https:\/\/fc-menuiserie.com\/wp-content\/uploads\/2022\/11\/sdb-T-col-17-225x300.jpg 225w, https:\/\/fc-menuiserie.com\/wp-content\/uploads\/2022\/11\/sdb-T-col-17-768x1024.jpg 768w, https:\/\/fc-menuiserie.com\/wp-content\/uploads\/2022\/11\/sdb-T-col-17-1152x1536.jpg 1152w, https:\/\/fc-menuiserie.com\/wp-content\/uploads\/2022\/11\/sdb-T-col-17-1536x2048.jpg 1536w, https:\/\/fc-menuiserie.com\/wp-content\/uploads\/2022\/11\/sdb-T-col-17-scaled.jpg 1920w\" sizes=\"(max-width: 225px) 100vw, 225px\" \/><\/a><\/p>\n<\/div>\n\t\t<\/div><\/div><\/div><div id=\"pg-1400-7\"  class=\"panel-grid panel-no-style\" ><div id=\"pgc-1400-7-0\"  class=\"panel-grid-cell\" ><div id=\"panel-1400-7-0-0\" class=\"so-panel widget widget_sow-editor panel-first-child panel-last-child\" data-index=\"15\" ><div\n\t\t\t\n\t\t\tclass=\"so-widget-sow-editor so-widget-sow-editor-base\"\n\t\t\t\n\t\t>\n<div class=\"siteorigin-widget-tinymce textwidget\">\n\t<p>&nbsp;<\/p>\n<p>&nbsp;<\/p>\n<p><span style=\"color: #000000;\"><em><strong><span style=\"font-family: Dancing Script; font-size: 24px;\">Pose des portes et fa\u00e7ades de tiroirs<\/span><\/strong><\/em><\/span><\/p>\n<\/div>\n<\/div><\/div><\/div><div id=\"pgc-1400-7-1\"  class=\"panel-grid-cell\" ><div id=\"panel-1400-7-1-0\" class=\"so-panel widget widget_text panel-first-child panel-last-child\" data-index=\"16\" >\t\t\t<div class=\"textwidget\"><p><a href=\"https:\/\/fc-menuiserie.com\/wp-content\/uploads\/2022\/11\/sdb-T-col-19-scaled-e1667313979325.jpg\"><img loading=\"lazy\" class=\"alignnone wp-image-1323 size-medium\" src=\"https:\/\/fc-menuiserie.com\/wp-content\/uploads\/2022\/11\/sdb-T-col-19-scaled-e1667313979325-154x300.jpg\" alt=\"pose-des-portes-verneuil\" width=\"154\" height=\"300\" srcset=\"https:\/\/fc-menuiserie.com\/wp-content\/uploads\/2022\/11\/sdb-T-col-19-scaled-e1667313979325-154x300.jpg 154w, https:\/\/fc-menuiserie.com\/wp-content\/uploads\/2022\/11\/sdb-T-col-19-scaled-e1667313979325-524x1024.jpg 524w, https:\/\/fc-menuiserie.com\/wp-content\/uploads\/2022\/11\/sdb-T-col-19-scaled-e1667313979325-768x1500.jpg 768w, https:\/\/fc-menuiserie.com\/wp-content\/uploads\/2022\/11\/sdb-T-col-19-scaled-e1667313979325-786x1536.jpg 786w, https:\/\/fc-menuiserie.com\/wp-content\/uploads\/2022\/11\/sdb-T-col-19-scaled-e1667313979325-1048x2048.jpg 1048w, https:\/\/fc-menuiserie.com\/wp-content\/uploads\/2022\/11\/sdb-T-col-19-scaled-e1667313979325.jpg 1248w\" sizes=\"(max-width: 154px) 100vw, 154px\" \/><\/a><\/p>\n<\/div>\n\t\t<\/div><\/div><div id=\"pgc-1400-7-2\"  class=\"panel-grid-cell\" ><div id=\"panel-1400-7-2-0\" class=\"so-panel widget widget_text panel-first-child panel-last-child\" data-index=\"17\" >\t\t\t<div class=\"textwidget\"><p><a href=\"https:\/\/fc-menuiserie.com\/wp-content\/uploads\/2022\/11\/sdb-T-col-20-scaled-e1667313954514.jpg\"><img loading=\"lazy\" class=\"alignnone wp-image-1324 size-medium\" src=\"https:\/\/fc-menuiserie.com\/wp-content\/uploads\/2022\/11\/sdb-T-col-20-scaled-e1667313954514-154x300.jpg\" alt=\"pose-facade-de-tiroir\" width=\"154\" height=\"300\" srcset=\"https:\/\/fc-menuiserie.com\/wp-content\/uploads\/2022\/11\/sdb-T-col-20-scaled-e1667313954514-154x300.jpg 154w, https:\/\/fc-menuiserie.com\/wp-content\/uploads\/2022\/11\/sdb-T-col-20-scaled-e1667313954514-527x1024.jpg 527w, https:\/\/fc-menuiserie.com\/wp-content\/uploads\/2022\/11\/sdb-T-col-20-scaled-e1667313954514-768x1492.jpg 768w, https:\/\/fc-menuiserie.com\/wp-content\/uploads\/2022\/11\/sdb-T-col-20-scaled-e1667313954514-791x1536.jpg 791w, https:\/\/fc-menuiserie.com\/wp-content\/uploads\/2022\/11\/sdb-T-col-20-scaled-e1667313954514-1054x2048.jpg 1054w, https:\/\/fc-menuiserie.com\/wp-content\/uploads\/2022\/11\/sdb-T-col-20-scaled-e1667313954514.jpg 1222w\" sizes=\"(max-width: 154px) 100vw, 154px\" \/><\/a><\/p>\n<\/div>\n\t\t<\/div><\/div><\/div><div id=\"pg-1400-8\"  class=\"panel-grid panel-no-style\" ><div id=\"pgc-1400-8-0\"  class=\"panel-grid-cell\" ><div id=\"panel-1400-8-0-0\" class=\"so-panel widget widget_sow-editor panel-first-child panel-last-child\" data-index=\"18\" ><div\n\t\t\t\n\t\t\tclass=\"so-widget-sow-editor so-widget-sow-editor-base\"\n\t\t\t\n\t\t>\n<div class=\"siteorigin-widget-tinymce textwidget\">\n\t<p><span style=\"color: #000000;\"><em><strong><span style=\"font-family: Dancing Script; font-size: 24px;\">\u00a0\u00a0\u00a0\u00a0\u00a0\u00a0\u00a0\u00a0\u00a0\u00a0\u00a0\u00a0\u00a0\u00a0\u00a0\u00a0\u00a0\u00a0\u00a0\u00a0\u00a0\u00a0\u00a0\u00a0\u00a0\u00a0\u00a0\u00a0\u00a0\u00a0\u00a0\u00a0\u00a0\u00a0\u00a0\u00a0\u00a0\u00a0 Meuble triptyque<\/span><\/strong><\/em><\/span><\/p>\n<\/div>\n<\/div><\/div><\/div><\/div><div id=\"pg-1400-9\"  class=\"panel-grid panel-no-style\" ><div id=\"pgc-1400-9-0\"  class=\"panel-grid-cell\" ><div id=\"panel-1400-9-0-0\" class=\"so-panel widget widget_text panel-first-child panel-last-child\" data-index=\"19\" >\t\t\t<div class=\"textwidget\"><p><a href=\"https:\/\/fc-menuiserie.com\/wp-content\/uploads\/2022\/11\/sdb-T-col-6-scaled-e1667314090202.jpg\"><img loading=\"lazy\" class=\"alignnone wp-image-1317 size-medium\" src=\"https:\/\/fc-menuiserie.com\/wp-content\/uploads\/2022\/11\/sdb-T-col-6-scaled-e1667314090202-243x300.jpg\" alt=\"triptyque\" width=\"243\" height=\"300\" srcset=\"https:\/\/fc-menuiserie.com\/wp-content\/uploads\/2022\/11\/sdb-T-col-6-scaled-e1667314090202-243x300.jpg 243w, https:\/\/fc-menuiserie.com\/wp-content\/uploads\/2022\/11\/sdb-T-col-6-scaled-e1667314090202-830x1024.jpg 830w, https:\/\/fc-menuiserie.com\/wp-content\/uploads\/2022\/11\/sdb-T-col-6-scaled-e1667314090202-768x948.jpg 768w, https:\/\/fc-menuiserie.com\/wp-content\/uploads\/2022\/11\/sdb-T-col-6-scaled-e1667314090202-1244x1536.jpg 1244w, https:\/\/fc-menuiserie.com\/wp-content\/uploads\/2022\/11\/sdb-T-col-6-scaled-e1667314090202-1659x2048.jpg 1659w, https:\/\/fc-menuiserie.com\/wp-content\/uploads\/2022\/11\/sdb-T-col-6-scaled-e1667314090202.jpg 1664w\" sizes=\"(max-width: 243px) 100vw, 243px\" \/><\/a><\/p>\n<\/div>\n\t\t<\/div><\/div><div id=\"pgc-1400-9-1\"  class=\"panel-grid-cell\" ><div id=\"panel-1400-9-1-0\" class=\"so-panel widget widget_text panel-first-child panel-last-child\" data-index=\"20\" >\t\t\t<div class=\"textwidget\"><p><a href=\"https:\/\/fc-menuiserie.com\/wp-content\/uploads\/2022\/11\/sdb-T-col-9-scaled-e1667314064194.jpg\"><img loading=\"lazy\" class=\"alignnone wp-image-1318 size-medium\" src=\"https:\/\/fc-menuiserie.com\/wp-content\/uploads\/2022\/11\/sdb-T-col-9-scaled-e1667314064194-232x300.jpg\" alt=\"porte-triptyque\" width=\"232\" height=\"300\" srcset=\"https:\/\/fc-menuiserie.com\/wp-content\/uploads\/2022\/11\/sdb-T-col-9-scaled-e1667314064194-232x300.jpg 232w, https:\/\/fc-menuiserie.com\/wp-content\/uploads\/2022\/11\/sdb-T-col-9-scaled-e1667314064194-792x1024.jpg 792w, https:\/\/fc-menuiserie.com\/wp-content\/uploads\/2022\/11\/sdb-T-col-9-scaled-e1667314064194-768x993.jpg 768w, https:\/\/fc-menuiserie.com\/wp-content\/uploads\/2022\/11\/sdb-T-col-9-scaled-e1667314064194-1188x1536.jpg 1188w, https:\/\/fc-menuiserie.com\/wp-content\/uploads\/2022\/11\/sdb-T-col-9-scaled-e1667314064194-1584x2048.jpg 1584w, https:\/\/fc-menuiserie.com\/wp-content\/uploads\/2022\/11\/sdb-T-col-9-scaled-e1667314064194.jpg 1702w\" sizes=\"(max-width: 232px) 100vw, 232px\" \/><\/a><\/p>\n<\/div>\n\t\t<\/div><\/div><\/div><div id=\"pg-1400-10\"  class=\"panel-grid panel-no-style\" ><div id=\"pgc-1400-10-0\"  class=\"panel-grid-cell\" ><div id=\"panel-1400-10-0-0\" class=\"so-panel widget widget_sow-editor panel-first-child panel-last-child\" data-index=\"21\" ><div\n\t\t\t\n\t\t\tclass=\"so-widget-sow-editor so-widget-sow-editor-base\"\n\t\t\t\n\t\t>\n<div class=\"siteorigin-widget-tinymce textwidget\">\n\t<p><span style=\"color: #000000;\"><em><strong><span style=\"font-family: Dancing Script; font-size: 24px;\">\u00a0\u00a0\u00a0\u00a0\u00a0\u00a0\u00a0\u00a0\u00a0\u00a0\u00a0\u00a0 Collage du stratifi\u00e9 pour la cr\u00e9ation du plan de travail<\/span><\/strong><\/em><\/span><\/p>\n<\/div>\n<\/div><\/div><\/div><\/div><div id=\"pg-1400-11\"  class=\"panel-grid panel-no-style\" ><div id=\"pgc-1400-11-0\"  class=\"panel-grid-cell\" ><div id=\"panel-1400-11-0-0\" class=\"so-panel widget widget_text panel-first-child panel-last-child\" data-index=\"22\" >\t\t\t<div class=\"textwidget\"><p><a href=\"https:\/\/fc-menuiserie.com\/wp-content\/uploads\/2022\/11\/sdb-T-col-28-scaled-e1667313927594.jpg\"><img loading=\"lazy\" class=\"alignnone wp-image-1325 size-medium\" src=\"https:\/\/fc-menuiserie.com\/wp-content\/uploads\/2022\/11\/sdb-T-col-28-scaled-e1667313927594-300x175.jpg\" alt=\"stratifie\" width=\"300\" height=\"175\" srcset=\"https:\/\/fc-menuiserie.com\/wp-content\/uploads\/2022\/11\/sdb-T-col-28-scaled-e1667313927594-300x175.jpg 300w, https:\/\/fc-menuiserie.com\/wp-content\/uploads\/2022\/11\/sdb-T-col-28-scaled-e1667313927594-1024x599.jpg 1024w, https:\/\/fc-menuiserie.com\/wp-content\/uploads\/2022\/11\/sdb-T-col-28-scaled-e1667313927594-768x449.jpg 768w, https:\/\/fc-menuiserie.com\/wp-content\/uploads\/2022\/11\/sdb-T-col-28-scaled-e1667313927594-1536x898.jpg 1536w, https:\/\/fc-menuiserie.com\/wp-content\/uploads\/2022\/11\/sdb-T-col-28-scaled-e1667313927594-2048x1198.jpg 2048w\" sizes=\"(max-width: 300px) 100vw, 300px\" \/><\/a><\/p>\n<\/div>\n\t\t<\/div><\/div><div id=\"pgc-1400-11-1\"  class=\"panel-grid-cell\" ><div id=\"panel-1400-11-1-0\" class=\"so-panel widget widget_text panel-first-child panel-last-child\" data-index=\"23\" >\t\t\t<div class=\"textwidget\"><p><a href=\"https:\/\/fc-menuiserie.com\/wp-content\/uploads\/2022\/11\/sdb-T-col-29-scaled-e1667313904511.jpg\"><img loading=\"lazy\" class=\"alignnone wp-image-1326 size-medium\" src=\"https:\/\/fc-menuiserie.com\/wp-content\/uploads\/2022\/11\/sdb-T-col-29-scaled-e1667313904511-300x139.jpg\" alt=\"collage-stratifie\" width=\"300\" height=\"139\" srcset=\"https:\/\/fc-menuiserie.com\/wp-content\/uploads\/2022\/11\/sdb-T-col-29-scaled-e1667313904511-300x139.jpg 300w, https:\/\/fc-menuiserie.com\/wp-content\/uploads\/2022\/11\/sdb-T-col-29-scaled-e1667313904511-1024x474.jpg 1024w, https:\/\/fc-menuiserie.com\/wp-content\/uploads\/2022\/11\/sdb-T-col-29-scaled-e1667313904511-768x356.jpg 768w, https:\/\/fc-menuiserie.com\/wp-content\/uploads\/2022\/11\/sdb-T-col-29-scaled-e1667313904511-1536x711.jpg 1536w, https:\/\/fc-menuiserie.com\/wp-content\/uploads\/2022\/11\/sdb-T-col-29-scaled-e1667313904511-2048x949.jpg 2048w\" sizes=\"(max-width: 300px) 100vw, 300px\" \/><\/a><\/p>\n<\/div>\n\t\t<\/div><\/div><div id=\"pgc-1400-11-2\"  class=\"panel-grid-cell\" ><div id=\"panel-1400-11-2-0\" class=\"so-panel widget widget_text panel-first-child panel-last-child\" data-index=\"24\" >\t\t\t<div class=\"textwidget\"><p><a href=\"https:\/\/fc-menuiserie.com\/wp-content\/uploads\/2022\/11\/sdb-T-col-30-scaled-e1667313842785.jpg\"><img loading=\"lazy\" class=\"alignnone wp-image-1327 size-medium\" src=\"https:\/\/fc-menuiserie.com\/wp-content\/uploads\/2022\/11\/sdb-T-col-30-scaled-e1667313842785-300x292.jpg\" alt=\"plan-de-travail-fini\" width=\"300\" height=\"292\" srcset=\"https:\/\/fc-menuiserie.com\/wp-content\/uploads\/2022\/11\/sdb-T-col-30-scaled-e1667313842785-300x292.jpg 300w, https:\/\/fc-menuiserie.com\/wp-content\/uploads\/2022\/11\/sdb-T-col-30-scaled-e1667313842785-1024x996.jpg 1024w, https:\/\/fc-menuiserie.com\/wp-content\/uploads\/2022\/11\/sdb-T-col-30-scaled-e1667313842785-768x747.jpg 768w, https:\/\/fc-menuiserie.com\/wp-content\/uploads\/2022\/11\/sdb-T-col-30-scaled-e1667313842785-1536x1494.jpg 1536w, https:\/\/fc-menuiserie.com\/wp-content\/uploads\/2022\/11\/sdb-T-col-30-scaled-e1667313842785.jpg 1920w\" sizes=\"(max-width: 300px) 100vw, 300px\" \/><\/a><\/p>\n<\/div>\n\t\t<\/div><\/div><\/div><div id=\"pg-1400-12\"  class=\"panel-grid panel-no-style\" ><div id=\"pgc-1400-12-0\"  class=\"panel-grid-cell\" ><div id=\"panel-1400-12-0-0\" class=\"so-panel widget widget_sow-editor panel-first-child panel-last-child\" data-index=\"25\" ><div\n\t\t\t\n\t\t\tclass=\"so-widget-sow-editor so-widget-sow-editor-base\"\n\t\t\t\n\t\t>\n<div class=\"siteorigin-widget-tinymce textwidget\">\n\t<p><span style=\"color: #000000;\"><em><strong><span style=\"font-family: Dancing Script; font-size: 24px;\">\u00a0\u00a0\u00a0\u00a0\u00a0\u00a0\u00a0\u00a0\u00a0\u00a0\u00a0\u00a0\u00a0\u00a0\u00a0\u00a0\u00a0\u00a0\u00a0 Pose de la salle de bain chez les clients<\/span><\/strong><\/em><\/span><\/p>\n<\/div>\n<\/div><\/div><\/div><\/div><div id=\"pg-1400-13\"  class=\"panel-grid panel-no-style\" ><div id=\"pgc-1400-13-0\"  class=\"panel-grid-cell\" ><div id=\"panel-1400-13-0-0\" class=\"so-panel widget widget_text panel-first-child panel-last-child\" data-index=\"26\" >\t\t\t<div class=\"textwidget\"><p><a href=\"https:\/\/fc-menuiserie.com\/wp-content\/uploads\/2022\/11\/sdb-T-col-31-scaled.jpg\"><img loading=\"lazy\" class=\"alignnone wp-image-1328 size-medium\" src=\"https:\/\/fc-menuiserie.com\/wp-content\/uploads\/2022\/11\/sdb-T-col-31-225x300.jpg\" alt=\"meuble-colonne-fere-en-tardenois\" width=\"225\" height=\"300\" srcset=\"https:\/\/fc-menuiserie.com\/wp-content\/uploads\/2022\/11\/sdb-T-col-31-225x300.jpg 225w, https:\/\/fc-menuiserie.com\/wp-content\/uploads\/2022\/11\/sdb-T-col-31-768x1024.jpg 768w, https:\/\/fc-menuiserie.com\/wp-content\/uploads\/2022\/11\/sdb-T-col-31-1152x1536.jpg 1152w, https:\/\/fc-menuiserie.com\/wp-content\/uploads\/2022\/11\/sdb-T-col-31-1536x2048.jpg 1536w, https:\/\/fc-menuiserie.com\/wp-content\/uploads\/2022\/11\/sdb-T-col-31-scaled.jpg 1920w\" sizes=\"(max-width: 225px) 100vw, 225px\" \/><\/a><\/p>\n<\/div>\n\t\t<\/div><\/div><div id=\"pgc-1400-13-1\"  class=\"panel-grid-cell\" ><div id=\"panel-1400-13-1-0\" class=\"so-panel widget widget_text panel-first-child panel-last-child\" data-index=\"27\" >\t\t\t<div class=\"textwidget\"><p><a href=\"https:\/\/fc-menuiserie.com\/wp-content\/uploads\/2022\/11\/sdb-T-col-34-scaled-e1667313771214.jpg\"><img loading=\"lazy\" class=\"alignnone wp-image-1329 size-medium\" src=\"https:\/\/fc-menuiserie.com\/wp-content\/uploads\/2022\/11\/sdb-T-col-34-scaled-e1667313771214-184x300.jpg\" alt=\"pose-triptyque-trelou-sur-marne\" width=\"184\" height=\"300\" srcset=\"https:\/\/fc-menuiserie.com\/wp-content\/uploads\/2022\/11\/sdb-T-col-34-scaled-e1667313771214-184x300.jpg 184w, https:\/\/fc-menuiserie.com\/wp-content\/uploads\/2022\/11\/sdb-T-col-34-scaled-e1667313771214-629x1024.jpg 629w, https:\/\/fc-menuiserie.com\/wp-content\/uploads\/2022\/11\/sdb-T-col-34-scaled-e1667313771214-768x1251.jpg 768w, https:\/\/fc-menuiserie.com\/wp-content\/uploads\/2022\/11\/sdb-T-col-34-scaled-e1667313771214-943x1536.jpg 943w, https:\/\/fc-menuiserie.com\/wp-content\/uploads\/2022\/11\/sdb-T-col-34-scaled-e1667313771214-1257x2048.jpg 1257w, https:\/\/fc-menuiserie.com\/wp-content\/uploads\/2022\/11\/sdb-T-col-34-scaled-e1667313771214.jpg 1363w\" sizes=\"(max-width: 184px) 100vw, 184px\" \/><\/a><\/p>\n<\/div>\n\t\t<\/div><\/div><div id=\"pgc-1400-13-2\"  class=\"panel-grid-cell\" ><div id=\"panel-1400-13-2-0\" class=\"so-panel widget widget_text panel-first-child panel-last-child\" data-index=\"28\" >\t\t\t<div class=\"textwidget\"><p><a href=\"https:\/\/fc-menuiserie.com\/wp-content\/uploads\/2022\/11\/sdb-T-col-36-scaled-e1667313746803.jpg\"><img loading=\"lazy\" class=\"alignnone wp-image-1330 size-medium\" src=\"https:\/\/fc-menuiserie.com\/wp-content\/uploads\/2022\/11\/sdb-T-col-36-scaled-e1667313746803-170x300.jpg\" alt=\"porte-meuble-colonne-dormans\" width=\"170\" height=\"300\" srcset=\"https:\/\/fc-menuiserie.com\/wp-content\/uploads\/2022\/11\/sdb-T-col-36-scaled-e1667313746803-170x300.jpg 170w, https:\/\/fc-menuiserie.com\/wp-content\/uploads\/2022\/11\/sdb-T-col-36-scaled-e1667313746803-581x1024.jpg 581w, https:\/\/fc-menuiserie.com\/wp-content\/uploads\/2022\/11\/sdb-T-col-36-scaled-e1667313746803-768x1354.jpg 768w, https:\/\/fc-menuiserie.com\/wp-content\/uploads\/2022\/11\/sdb-T-col-36-scaled-e1667313746803-871x1536.jpg 871w, https:\/\/fc-menuiserie.com\/wp-content\/uploads\/2022\/11\/sdb-T-col-36-scaled-e1667313746803-1162x2048.jpg 1162w, https:\/\/fc-menuiserie.com\/wp-content\/uploads\/2022\/11\/sdb-T-col-36-scaled-e1667313746803.jpg 1452w\" sizes=\"(max-width: 170px) 100vw, 170px\" \/><\/a><\/p>\n<\/div>\n\t\t<\/div><\/div><\/div><div id=\"pg-1400-14\"  class=\"panel-grid panel-no-style\" ><div id=\"pgc-1400-14-0\"  class=\"panel-grid-cell\" ><div id=\"panel-1400-14-0-0\" class=\"so-panel widget widget_text panel-first-child panel-last-child\" data-index=\"29\" >\t\t\t<div class=\"textwidget\"><p><a href=\"https:\/\/fc-menuiserie.com\/wp-content\/uploads\/2022\/11\/sdb-T-col-38-scaled-e1667313681197.jpg\"><img loading=\"lazy\" class=\"alignnone wp-image-1331 size-medium\" src=\"https:\/\/fc-menuiserie.com\/wp-content\/uploads\/2022\/11\/sdb-T-col-38-scaled-e1667313681197-300x206.jpg\" alt=\"meuble-vasque-chezy-sur-marne\" width=\"300\" height=\"206\" srcset=\"https:\/\/fc-menuiserie.com\/wp-content\/uploads\/2022\/11\/sdb-T-col-38-scaled-e1667313681197-300x206.jpg 300w, https:\/\/fc-menuiserie.com\/wp-content\/uploads\/2022\/11\/sdb-T-col-38-scaled-e1667313681197-1024x703.jpg 1024w, https:\/\/fc-menuiserie.com\/wp-content\/uploads\/2022\/11\/sdb-T-col-38-scaled-e1667313681197-768x527.jpg 768w, https:\/\/fc-menuiserie.com\/wp-content\/uploads\/2022\/11\/sdb-T-col-38-scaled-e1667313681197-1536x1055.jpg 1536w, https:\/\/fc-menuiserie.com\/wp-content\/uploads\/2022\/11\/sdb-T-col-38-scaled-e1667313681197-2048x1406.jpg 2048w\" sizes=\"(max-width: 300px) 100vw, 300px\" \/><\/a><\/p>\n<\/div>\n\t\t<\/div><\/div><div id=\"pgc-1400-14-1\"  class=\"panel-grid-cell\" ><div id=\"panel-1400-14-1-0\" class=\"so-panel widget widget_text panel-first-child panel-last-child\" data-index=\"30\" >\t\t\t<div class=\"textwidget\"><p><a href=\"https:\/\/fc-menuiserie.com\/wp-content\/uploads\/2022\/11\/sdb-T-col-39-scaled-e1667313656142.jpg\"><img loading=\"lazy\" class=\"alignnone wp-image-1332 size-medium\" src=\"https:\/\/fc-menuiserie.com\/wp-content\/uploads\/2022\/11\/sdb-T-col-39-scaled-e1667313656142-165x300.jpg\" alt=\"salle-de-bain-nogent-l-artaut\" width=\"165\" height=\"300\" srcset=\"https:\/\/fc-menuiserie.com\/wp-content\/uploads\/2022\/11\/sdb-T-col-39-scaled-e1667313656142-165x300.jpg 165w, https:\/\/fc-menuiserie.com\/wp-content\/uploads\/2022\/11\/sdb-T-col-39-scaled-e1667313656142-563x1024.jpg 563w, https:\/\/fc-menuiserie.com\/wp-content\/uploads\/2022\/11\/sdb-T-col-39-scaled-e1667313656142-768x1396.jpg 768w, https:\/\/fc-menuiserie.com\/wp-content\/uploads\/2022\/11\/sdb-T-col-39-scaled-e1667313656142-845x1536.jpg 845w, https:\/\/fc-menuiserie.com\/wp-content\/uploads\/2022\/11\/sdb-T-col-39-scaled-e1667313656142-1126x2048.jpg 1126w, https:\/\/fc-menuiserie.com\/wp-content\/uploads\/2022\/11\/sdb-T-col-39-scaled-e1667313656142.jpg 1408w\" sizes=\"(max-width: 165px) 100vw, 165px\" \/><\/a><\/p>\n<\/div>\n\t\t<\/div><\/div><div id=\"pgc-1400-14-2\"  class=\"panel-grid-cell\" ><div id=\"panel-1400-14-2-0\" class=\"so-panel widget widget_text panel-first-child panel-last-child\" data-index=\"31\" >\t\t\t<div class=\"textwidget\"><p><a href=\"https:\/\/fc-menuiserie.com\/wp-content\/uploads\/2022\/11\/sdb-T-col-40-scaled-e1667313625543.jpg\"><img loading=\"lazy\" class=\"alignnone wp-image-1333 size-medium\" src=\"https:\/\/fc-menuiserie.com\/wp-content\/uploads\/2022\/11\/sdb-T-col-40-scaled-e1667313625543-172x300.jpg\" alt=\"salle-de-bain-montmirail\" width=\"172\" height=\"300\" srcset=\"https:\/\/fc-menuiserie.com\/wp-content\/uploads\/2022\/11\/sdb-T-col-40-scaled-e1667313625543-172x300.jpg 172w, https:\/\/fc-menuiserie.com\/wp-content\/uploads\/2022\/11\/sdb-T-col-40-scaled-e1667313625543-586x1024.jpg 586w, https:\/\/fc-menuiserie.com\/wp-content\/uploads\/2022\/11\/sdb-T-col-40-scaled-e1667313625543-768x1342.jpg 768w, https:\/\/fc-menuiserie.com\/wp-content\/uploads\/2022\/11\/sdb-T-col-40-scaled-e1667313625543-879x1536.jpg 879w, https:\/\/fc-menuiserie.com\/wp-content\/uploads\/2022\/11\/sdb-T-col-40-scaled-e1667313625543-1172x2048.jpg 1172w, https:\/\/fc-menuiserie.com\/wp-content\/uploads\/2022\/11\/sdb-T-col-40-scaled-e1667313625543.jpg 1465w\" sizes=\"(max-width: 172px) 100vw, 172px\" \/><\/a><\/p>\n<\/div>\n\t\t<\/div><\/div><\/div><\/div>","protected":false},"excerpt":{"rendered":"<p>R\u00e9alisation d&rsquo;une salle de bain en panneau m\u00e9lamin\u00e9 \u00ab\u00a0Bleu de France\u00a0\u00bb et plan de travail stratifi\u00e9 \u00ab\u00a0Marbre de Carrare blanc\u00a0\u00bb avec un meuble triptyque et un petit \u00e9clairage led.<\/p>\n","protected":false},"author":1,"featured_media":0,"parent":0,"menu_order":0,"comment_status":"closed","ping_status":"closed","template":"","meta":[],"yoast_head":"<!-- This site is optimized with the Yoast SEO plugin v20.6 - https:\/\/yoast.com\/wordpress\/plugins\/seo\/ -->\n<title>salle de bain - FC menuiserie<\/title>\n<meta name=\"description\" content=\"salle de bain, FC-menuiserie, fabricant et poseur de meuble bois sur mesure sur la r\u00e9gion de Ch\u00e2teau Thierry et Dormans\" \/>\n<meta name=\"robots\" content=\"index, follow, max-snippet:-1, max-image-preview:large, max-video-preview:-1\" \/>\n<link rel=\"canonical\" href=\"https:\/\/fc-menuiserie.com\/index.php\/salle-de-bain\/\" \/>\n<meta property=\"og:locale\" content=\"fr_FR\" \/>\n<meta property=\"og:type\" content=\"article\" \/>\n<meta property=\"og:title\" content=\"salle de bain - FC menuiserie\" \/>\n<meta property=\"og:description\" content=\"salle de bain, FC-menuiserie, fabricant et poseur de meuble bois sur mesure sur la r\u00e9gion de Ch\u00e2teau Thierry et Dormans\" \/>\n<meta property=\"og:url\" content=\"https:\/\/fc-menuiserie.com\/index.php\/salle-de-bain\/\" \/>\n<meta property=\"og:site_name\" content=\"FC menuiserie\" \/>\n<meta property=\"article:modified_time\" content=\"2025-01-04T16:07:46+00:00\" \/>\n<meta property=\"og:image\" content=\"https:\/\/fc-menuiserie.com\/wp-content\/uploads\/2022\/11\/sdb-d-4-scaled-e1667314116507-300x291.jpg\" \/>\n<meta name=\"twitter:card\" content=\"summary_large_image\" \/>\n<meta name=\"twitter:label1\" content=\"Dur\u00e9e de lecture estim\u00e9e\" \/>\n\t<meta name=\"twitter:data1\" content=\"5 minutes\" \/>\n<script type=\"application\/ld+json\" class=\"yoast-schema-graph\">{\"@context\":\"https:\/\/schema.org\",\"@graph\":[{\"@type\":\"WebPage\",\"@id\":\"https:\/\/fc-menuiserie.com\/index.php\/salle-de-bain\/\",\"url\":\"https:\/\/fc-menuiserie.com\/index.php\/salle-de-bain\/\",\"name\":\"salle de bain - FC menuiserie\",\"isPartOf\":{\"@id\":\"https:\/\/fc-menuiserie.com\/#website\"},\"datePublished\":\"2022-11-02T14:22:30+00:00\",\"dateModified\":\"2025-01-04T16:07:46+00:00\",\"description\":\"salle de bain, FC-menuiserie, fabricant et poseur de meuble bois sur mesure sur la r\u00e9gion de Ch\u00e2teau Thierry et Dormans\",\"breadcrumb\":{\"@id\":\"https:\/\/fc-menuiserie.com\/index.php\/salle-de-bain\/#breadcrumb\"},\"inLanguage\":\"fr-FR\",\"potentialAction\":[{\"@type\":\"ReadAction\",\"target\":[\"https:\/\/fc-menuiserie.com\/index.php\/salle-de-bain\/\"]}]},{\"@type\":\"BreadcrumbList\",\"@id\":\"https:\/\/fc-menuiserie.com\/index.php\/salle-de-bain\/#breadcrumb\",\"itemListElement\":[{\"@type\":\"ListItem\",\"position\":1,\"name\":\"Accueil\",\"item\":\"https:\/\/fc-menuiserie.com\/\"},{\"@type\":\"ListItem\",\"position\":2,\"name\":\"Salle de bain\"}]},{\"@type\":\"WebSite\",\"@id\":\"https:\/\/fc-menuiserie.com\/#website\",\"url\":\"https:\/\/fc-menuiserie.com\/\",\"name\":\"FC menuiserie\",\"description\":\"\",\"potentialAction\":[{\"@type\":\"SearchAction\",\"target\":{\"@type\":\"EntryPoint\",\"urlTemplate\":\"https:\/\/fc-menuiserie.com\/?s={search_term_string}\"},\"query-input\":\"required name=search_term_string\"}],\"inLanguage\":\"fr-FR\"}]}<\/script>\n<!-- \/ Yoast SEO plugin. -->","yoast_head_json":{"title":"salle de bain - FC menuiserie","description":"salle de bain, FC-menuiserie, fabricant et poseur de meuble bois sur mesure sur la r\u00e9gion de Ch\u00e2teau Thierry et Dormans","robots":{"index":"index","follow":"follow","max-snippet":"max-snippet:-1","max-image-preview":"max-image-preview:large","max-video-preview":"max-video-preview:-1"},"canonical":"https:\/\/fc-menuiserie.com\/index.php\/salle-de-bain\/","og_locale":"fr_FR","og_type":"article","og_title":"salle de bain - FC menuiserie","og_description":"salle de bain, FC-menuiserie, fabricant et poseur de meuble bois sur mesure sur la r\u00e9gion de Ch\u00e2teau Thierry et Dormans","og_url":"https:\/\/fc-menuiserie.com\/index.php\/salle-de-bain\/","og_site_name":"FC menuiserie","article_modified_time":"2025-01-04T16:07:46+00:00","og_image":[{"url":"https:\/\/fc-menuiserie.com\/wp-content\/uploads\/2022\/11\/sdb-d-4-scaled-e1667314116507-300x291.jpg"}],"twitter_card":"summary_large_image","twitter_misc":{"Dur\u00e9e de lecture estim\u00e9e":"5 minutes"},"schema":{"@context":"https:\/\/schema.org","@graph":[{"@type":"WebPage","@id":"https:\/\/fc-menuiserie.com\/index.php\/salle-de-bain\/","url":"https:\/\/fc-menuiserie.com\/index.php\/salle-de-bain\/","name":"salle de bain - FC menuiserie","isPartOf":{"@id":"https:\/\/fc-menuiserie.com\/#website"},"datePublished":"2022-11-02T14:22:30+00:00","dateModified":"2025-01-04T16:07:46+00:00","description":"salle de bain, FC-menuiserie, fabricant et poseur de meuble bois sur mesure sur la r\u00e9gion de Ch\u00e2teau Thierry et Dormans","breadcrumb":{"@id":"https:\/\/fc-menuiserie.com\/index.php\/salle-de-bain\/#breadcrumb"},"inLanguage":"fr-FR","potentialAction":[{"@type":"ReadAction","target":["https:\/\/fc-menuiserie.com\/index.php\/salle-de-bain\/"]}]},{"@type":"BreadcrumbList","@id":"https:\/\/fc-menuiserie.com\/index.php\/salle-de-bain\/#breadcrumb","itemListElement":[{"@type":"ListItem","position":1,"name":"Accueil","item":"https:\/\/fc-menuiserie.com\/"},{"@type":"ListItem","position":2,"name":"Salle de bain"}]},{"@type":"WebSite","@id":"https:\/\/fc-menuiserie.com\/#website","url":"https:\/\/fc-menuiserie.com\/","name":"FC menuiserie","description":"","potentialAction":[{"@type":"SearchAction","target":{"@type":"EntryPoint","urlTemplate":"https:\/\/fc-menuiserie.com\/?s={search_term_string}"},"query-input":"required name=search_term_string"}],"inLanguage":"fr-FR"}]}},"_links":{"self":[{"href":"https:\/\/fc-menuiserie.com\/index.php\/wp-json\/wp\/v2\/pages\/1400"}],"collection":[{"href":"https:\/\/fc-menuiserie.com\/index.php\/wp-json\/wp\/v2\/pages"}],"about":[{"href":"https:\/\/fc-menuiserie.com\/index.php\/wp-json\/wp\/v2\/types\/page"}],"author":[{"embeddable":true,"href":"https:\/\/fc-menuiserie.com\/index.php\/wp-json\/wp\/v2\/users\/1"}],"replies":[{"embeddable":true,"href":"https:\/\/fc-menuiserie.com\/index.php\/wp-json\/wp\/v2\/comments?post=1400"}],"version-history":[{"count":14,"href":"https:\/\/fc-menuiserie.com\/index.php\/wp-json\/wp\/v2\/pages\/1400\/revisions"}],"predecessor-version":[{"id":1416,"href":"https:\/\/fc-menuiserie.com\/index.php\/wp-json\/wp\/v2\/pages\/1400\/revisions\/1416"}],"wp:attachment":[{"href":"https:\/\/fc-menuiserie.com\/index.php\/wp-json\/wp\/v2\/media?parent=1400"}],"curies":[{"name":"wp","href":"https:\/\/api.w.org\/{rel}","templated":true}]}}